{"id":53,"date":"2014-10-25T19:16:25","date_gmt":"2014-10-25T17:16:25","guid":{"rendered":"https:\/\/blog.olimar.de\/?page_id=53"},"modified":"2023-03-13T12:55:41","modified_gmt":"2023-03-13T11:55:41","slug":"redaktionsteam","status":"publish","type":"page","link":"https:\/\/blog.olimar.de\/redaktionsteam\/","title":{"rendered":"Das Sonnenseiten-Redaktionsteam"},"content":{"rendered":"\n<address><span style=\"color: #333333;\">An diesem Online-Magazin und Blog sind zahlreiche reiseerfahrene Autoren beteiligt. Alle haben unterschiedliche Interessen und Schwerpunkte &#8211; allen gemeinsam ist die Leidenschaft zum Reisen und zum Teilen ihrer Erlebnisse. In den OLIMAR Reisel\u00e4ndern kennen sie sich bestens aus &#8211; ihre pers\u00f6nlichen Tipps und Empfehlungen verraten sie Ihnen in den Beitr\u00e4gen.<br><\/span><\/address>\n\n\n\n<address>Wissen Sie selber von einem besonderen Thema, einer Region oder einem Ort, von dem\/der wir einmal berichten sollten? Wir freuen uns auf den Austausch mit Ihnen \u00fcber die Kommentar-Funktion unter den Beitr\u00e4gen oder per E-Mail an: sonnenseiten@olimar.com<\/address>\n\n\n\n<hr class=\"wp-block-separator has-css-opacity\"\/>\n\n\n\n<p class=\"wp-block-paragraph\"><span style=\"color: #333333;\">&nbsp;<\/span><\/p>\n\n\n\n<p class=\"wp-block-paragraph\"><\/p>\n\n\n\n<h3 class=\"wp-block-heading\"><img data-del=\"avatar\" src='https:\/\/blog.olimar.de\/wp-content\/uploads\/2020\/11\/Autor-Pascal_Zahn-1-150x150.png' class='avatar pp-user-avatar avatar-thumbnailwp-user-avatar wp-user-avatar-thumbnail photo ' width='150'\/>Pascal Zahn von OLIMAR Reisen<\/h3>\n\n\n\n<p class=\"wp-block-paragraph\">Pascal verantwortet bei OLIMAR alles rund um das Service-Center und alles, was mit Technik zu tun hat. Als gl\u00fccklich verheirateter Vater von zwei Jungs im Alter von 3 und 12 Jahren muss er im Urlaub R\u00fccksicht auf die Interessen seiner Familie nehmen. Flug, Unterkunft ohne Halbpension (der guten Restaurants in der Umgebung zu Liebe), Mietwagen individuell gebucht sind im Urlaub immer dabei.<\/p>\n\n\n\n<p class=\"wp-block-paragraph\"><a href=\"https:\/\/blog.olimar.de\/author\/pascalzahn\/\">Alle Artikel von Pascal<\/a><\/p>\n\n\n\n<div style=\"height:5px\" aria-hidden=\"true\" class=\"wp-block-spacer\"><\/div>\n\n\n\n<h3 class=\"wp-block-heading\"><img data-del=\"avatar\" src='https:\/\/blog.olimar.de\/wp-content\/uploads\/2020\/11\/Autor-Margarete_R-1-150x150.png' class='avatar pp-user-avatar avatar-thumbnailwp-user-avatar wp-user-avatar-thumbnail photo ' width='150'\/>Margarete Rosa von OLIMAR Reisen<\/h3>\n\n\n\n<p class=\"wp-block-paragraph\">Margarete ist f\u00fcr die Anlage der Stammdaten der OLIMAR Hotels zust\u00e4ndig. Sie ist passionierte St\u00e4dtereisende \u2013 Lissabon liebt sie besonders. Als deutsche Portugiesin f\u00fchlt sie sich hier wie eine Portugiesin und Touristin zugleich, entdeckt immer wieder Neues.<br>Die tollen Str\u00e4nde an Lissabons K\u00fcsten kombiniert sie gern mit ihrer Lissabon-St\u00e4dtereise.<\/p>\n\n\n\n<p class=\"wp-block-paragraph\"><a title=\"Alle Artikel von Margarete R.\" href=\"https:\/\/blog.olimar.de\/author\/margarete-r\/\">Alle Artikel von Margarete<\/a><\/p>\n\n\n\n<div style=\"height:5px\" aria-hidden=\"true\" class=\"wp-block-spacer\"><\/div>\n\n\n\n<h3 class=\"wp-block-heading\"><img data-del=\"avatar\" src='https:\/\/blog.olimar.de\/wp-content\/uploads\/2021\/09\/IMG-20210909-WA0009-e1631202446722-150x150.jpg' class='avatar pp-user-avatar avatar-thumbnailwp-user-avatar wp-user-avatar-thumbnail photo ' width='150'\/>Viorica Schmidinger, Partneragentur OLIMAR Reisen Italien<\/h3>\n\n\n\n<p class=\"wp-block-paragraph\">Viorica ist seit vielen Jahren f\u00fcr OLIMAR vor Ort in der italienischen Partneragentur t\u00e4tig. Sie ist mit einem Kunsthistoriker verheiratet, wodurch sie immer bestens \u00fcber aktuelle Ausstellungen und kulturelle Veranstaltungen in Italien informiert ist. Am liebsten w\u00fcrde sie s\u00e4mtliche Events selber besuchen &#8211; aber auch dar\u00fcber schreiben macht ihr Spa\u00df.<\/p>\n\n\n\n<p class=\"wp-block-paragraph\"><a title=\"Alle Artikel von Viorica S.\" href=\"https:\/\/blog.olimar.de\/author\/viorica-s\/\">Alle Artikel von Viorica<\/a><\/p>\n\n\n\n<div style=\"height:5px\" aria-hidden=\"true\" class=\"wp-block-spacer\"><\/div>\n\n\n\n<h3 class=\"wp-block-heading\"><img data-del=\"avatar\" src='https:\/\/blog.olimar.de\/wp-content\/uploads\/2020\/11\/Oliver_Sdrojek-150x150.png' class='avatar pp-user-avatar avatar-thumbnailwp-user-avatar wp-user-avatar-thumbnail photo ' width='150'\/>Oliver Sdrojek, Partneragentur OLIMAR Reisen Portugal &amp; Spanien<\/h3>\n\n\n\n<p class=\"wp-block-paragraph\">Oliver lebt seit 1996 auf der Iberischen Halbinsel. Die Stationen seiner Laufbahn sind Lissabon, Portim\u00e3o, Sevilla und M\u00e1laga, wo er seit 2009 arbeitet. Er ist von der Natur, Geschichte, Kultur und Kulinarik der beiden iberischen L\u00e4nder fasziniert und h\u00e4lt sich mit Schwimmen, Wandern, Radfahren, Yoga und Tanzen fit.<\/p>\n\n\n\n<p class=\"wp-block-paragraph\"><a href=\"https:\/\/blog.olimar.de\/author\/oliver-sdrojek\/\" target=\"_blank\" rel=\"noreferrer noopener\">Alle Artikel von Oliver<\/a><\/p>\n\n\n\n<div style=\"height:5px\" aria-hidden=\"true\" class=\"wp-block-spacer\"><\/div>\n\n\n\n<h3 class=\"wp-block-heading\"><img data-del=\"avatar\" src='https:\/\/blog.olimar.de\/wp-content\/uploads\/2020\/11\/Autor-Evelyn_S-1-150x150.png' class='avatar pp-user-avatar avatar-thumbnailwp-user-avatar wp-user-avatar-thumbnail photo ' width='150'\/>Evelyn Steinbach, freie Journalistin und Bloggerin<\/h3>\n\n\n\n<p class=\"wp-block-paragraph\">Evelyn war bei uns viele Jahre Ansprechpartnerin f\u00fcr Journalisten und Medienredaktionen, die \u00fcber unsere sch\u00f6nen Reisen in S\u00fcdeuropa berichten m\u00f6chten. Heute ist sie selbst als Journalisten und Bloggerin unterwegs und berichtet f\u00fcr uns hin- und wieder \u00fcber neue Urlaubstrends und Reisen. Sie liebt das Meer und das authentische Urlaubserlebnis \u2013 vorzugsweise in Spanien, wo sie l\u00e4ngere Zeit gelebt hat.<\/p>\n\n\n\n<p class=\"wp-block-paragraph\"><a title=\"Alle Artikel von Evelyn S.\" href=\"https:\/\/blog.olimar.de\/author\/evelyn-s\/\">Alle Artikel von Evelyn<\/a><\/p>\n\n\n\n<div style=\"height:5px\" aria-hidden=\"true\" class=\"wp-block-spacer\"><\/div>\n\n\n\n<h3 class=\"wp-block-heading\"><img data-del=\"avatar\" src='https:\/\/blog.olimar.de\/wp-content\/uploads\/2015\/01\/Nala-und-Janine-150x150.jpg' class='avatar pp-user-avatar avatar-thumbnailwp-user-avatar wp-user-avatar-thumbnail photo ' width='150'\/>Janine Zsembera, OLIMAR Partneragentur Azoren<\/h3>\n\n\n\n<p class=\"wp-block-paragraph\">Als Kleinkind mit ihren Eltern ausgewandert, lernte sie schnell die Azoren zu lieben. Die Natur, das Meer, die endlosen Wanderwege und ihre Tiere haben es ihr besonders angetan. Die Touristikerin lebt und arbeitet auf S\u00e3o Miguel, der Hauptinsel der Azoren.<\/p>\n\n\n\n<p class=\"wp-block-paragraph\"><a href=\"https:\/\/blog.olimar.de\/author\/janine-z\/\" target=\"_blank\" rel=\"noreferrer noopener\">Alle Artikel von Janine<\/a><\/p>\n\n\n\n<div style=\"height:5px\" aria-hidden=\"true\" class=\"wp-block-spacer\"><\/div>\n\n\n\n<h3 class=\"wp-block-heading\"><img data-del=\"avatar\" src='https:\/\/blog.olimar.de\/wp-content\/uploads\/2024\/02\/catrin_george_ponciano-150x150.jpg' class='avatar pp-user-avatar avatar-thumbnailwp-user-avatar wp-user-avatar-thumbnail photo ' width='150'\/>Catrin George Ponciano, freie Autorin<\/h3>\n\n\n\n<p class=\"wp-block-paragraph\">Die freischaffende Autorin lebt seit 1999 in der Algarve. Ihre Leser nimmt sie mit gewachsenem Insider-Wissen und gro\u00dfer Liebe zum Land mit auf eine Gedankenreise durch Portugal. J\u00fcngst hat sie f\u00fcr Ihren Roman \u201eLeiser Tod in Lissabon\u201c den Wittwer-Thalia-Deb\u00fctkrimipreis 2021 als bester deutschsprachiger Deb\u00fctkriminalroman 2020 erhalten, \u00fcber den wir auch <a href=\"https:\/\/www.olimar.de\/blog\/buchtipp-leiser-tod-in-lissabon\/\" target=\"_blank\" rel=\"noreferrer noopener\">hier<\/a> im Blog berichteten. F\u00fcr den OLIMAR-Reiseblog stellt sie Erkundungstouren durch Lissabon, in den Alentejo, und in die Algarve vor. <a href=\"http:\/\/www.catringeorge.com\/\" target=\"_blank\" rel=\"noreferrer noopener\">Hier<\/a> gehts zu ihrer Autoren-Webseite.<\/p>\n\n\n\n<p class=\"wp-block-paragraph\"><a href=\"https:\/\/www.olimar.de\/blog\/author\/catrin-george\/\" target=\"_blank\" rel=\"noreferrer noopener\" aria-label=\" (opens in a new tab)\">Alle Artikel von Catrin<\/a><\/p>\n\n\n\n<div style=\"height:18px\" aria-hidden=\"true\" class=\"wp-block-spacer\"><\/div>\n\n\n\n<h3 class=\"wp-block-heading\"><img data-del=\"avatar\" src='https:\/\/blog.olimar.de\/wp-content\/uploads\/2020\/12\/Christina_Zacker-150x150.png' class='avatar pp-user-avatar avatar-thumbnailwp-user-avatar wp-user-avatar-thumbnail photo ' width='150'\/>Christina Zacker, freie Autorin<\/h3>\n\n\n\n<p class=\"wp-block-paragraph\">Christina Zacker ist deutsche Journalistin und Buchautorin und lebt seit vielen Jahren in Portugal, im Hinterland der Algarve. Am\u00fcsant und zugleich informativ berichtet sie regelm\u00e4\u00dfig \u00fcber ihre Beobachtungen und Erlebnisse im portugiesischen Alltag ganz im S\u00fcdwesten Europas.<\/p>\n\n\n\n<p class=\"wp-block-paragraph\"><a title=\"Alle Artikel von Christina Z.\" href=\"https:\/\/blog.olimar.de\/author\/christina-z\/\">Alle Artikel von Christina<\/a><\/p>\n\n\n\n<div style=\"height:5px\" aria-hidden=\"true\" class=\"wp-block-spacer\"><\/div>\n\n\n\n<h3 class=\"wp-block-heading\"><img data-del=\"avatar\" src='https:\/\/blog.olimar.de\/wp-content\/uploads\/2020\/11\/Autor-Annegret_Heinold-1-150x150.png' class='avatar pp-user-avatar avatar-thumbnailwp-user-avatar wp-user-avatar-thumbnail photo ' width='150'\/>Annegret Heinold, freie Autorin<\/h3>\n\n\n\n<p style=\"line-height: 150%;\">Annegret Heinold war viele Jahre an der Westk\u00fcste im Alentejo zu Hause, seit 2005 lebt sie als freie Autorin und Reiseleiterin in Nordportugal. Ihre Leidenschaft ist es, Lesern und G\u00e4sten zu vermitteln, was ihr an Portugal so gut gef\u00e4llt: kleine Caf\u00e9s in engen Gassen, jahrhundertealte Kl\u00f6ster, Wanderungen auf Madeira und leckeres portugiesisches Essen. Mehr unter <a href=\"http:\/\/www.annegretheinold.com\">www.annegretheinold.com.<\/a><\/p>\n\n\n\n<p class=\"wp-block-paragraph\"><a href=\"https:\/\/www.olimar.de\/blog\/author\/annegret-heinold\/\">Alle Artikel von Annegret<\/a><\/p>\n\n\n\n<div style=\"height:5px\" aria-hidden=\"true\" class=\"wp-block-spacer\"><\/div>\n\n\n\n<h3 class=\"wp-block-heading\"><img data-del=\"avatar\" src='https:\/\/blog.olimar.de\/wp-content\/uploads\/2020\/11\/Autor-Henrietta_Bilawer-150x150.png' class='avatar pp-user-avatar avatar-thumbnailwp-user-avatar wp-user-avatar-thumbnail photo ' width='150'\/> Henrietta Bilawer, Dozentin und freie Journalistin<\/h3>\n\n\n\n<p class=\"wp-block-paragraph\">Die Dozentin f\u00fcr Sprachen, \u00dcbersetzerin und freie Journalistin lebt seit 1994 in der Algarve, wo sie auch Matineen f\u00fcr Reisende zu Themen der portugiesischen Geschichte und Landeskultur veranstaltet. Am liebsten kundschaftet Henrietta Wege abseits der bekannten Routen aus, trifft K\u00fcnstler oder vertieft sich in die portugiesische Literatur. <\/p>\n\n\n\n<p class=\"wp-block-paragraph\"><a href=\"https:\/\/www.olimar.de\/blog\/author\/henrietta-bilawer\/\" target=\"_blank\" rel=\"noreferrer noopener\">Alle Artikel von Henrietta<\/a><\/p>\n\n\n\n<div style=\"height:5px\" aria-hidden=\"true\" class=\"wp-block-spacer\"><\/div>\n\n\n\n<h3 class=\"wp-block-heading\"><img data-del=\"avatar\" src='https:\/\/blog.olimar.de\/wp-content\/uploads\/2020\/11\/Autor-Juliane_M-1-150x150.png' class='avatar pp-user-avatar avatar-thumbnailwp-user-avatar wp-user-avatar-thumbnail photo ' width='150'\/>Juliane M., freie Redakteurin<\/h3>\n\n\n\n<p class=\"wp-block-paragraph\">Juliane ist in der Reisewelt zu Hause und bringt ihre Urlaubserfahrungen gern zu Papier. Im S\u00fcden Europas hat die kleine italienische Insel Ischia ihr Herz erobert. Am liebsten plant sie eigene kleine Rundreisen, durch die man Land und Leute noch besser kennenlernen kann. <\/p>\n\n\n\n<p class=\"wp-block-paragraph\"><a href=\"https:\/\/www.olimar.de\/blog\/author\/juliane-m\/\" target=\"_blank\" rel=\"noreferrer noopener\" aria-label=\"Alle Artikel von Juliane (opens in a new tab)\">Alle Artikel von Juliane<\/a><\/p>\n\n\n\n<div style=\"height:5px\" aria-hidden=\"true\" class=\"wp-block-spacer\"><\/div>\n\n\n\n<h3 class=\"wp-block-heading\"><img data-del=\"avatar\" src='https:\/\/blog.olimar.de\/wp-content\/uploads\/2020\/11\/Autor-Angelika_W-1-150x150.png' class='avatar pp-user-avatar avatar-thumbnailwp-user-avatar wp-user-avatar-thumbnail photo ' width='150'\/>Angelika W., Bloggerin<\/h3>\n\n\n\n<p class=\"wp-block-paragraph\"> Angelika war noch nie die Reisende, die nur in der Sonne brutzelte oder alle Hotspots abklapperte. Viel lieber erkundet sie die Natur und ist dabei stets auf der Suche nach besonderen Orten. Auf ihrem Blog <a rel=\"noreferrer noopener\" aria-label=\" (opens in a new tab)\" href=\"https:\/\/urlaub-mal-anders.blog\/\" target=\"_blank\">Urlaub-mal-anders<\/a>  schreibt sie zusammen mit Isabelle \u00fcber genau diese Orte abseits des Massentourismus.  <\/p>\n\n\n\n<p class=\"wp-block-paragraph\"><a href=\"https:\/\/www.olimar.de\/blog\/author\/angelika-w\/\" target=\"_blank\" rel=\"noreferrer noopener\" aria-label=\"Alle Artikel von Angelika (opens in a new tab)\">Alle Artikel von Angelika<\/a><\/p>\n\n\n\n<div style=\"height:5px\" aria-hidden=\"true\" class=\"wp-block-spacer\"><\/div>\n\n\n\n<h3 class=\"wp-block-heading\"><img data-del=\"avatar\" src='https:\/\/blog.olimar.de\/wp-content\/uploads\/2020\/11\/Autor-Isabelle_M-1-150x150.png' class='avatar pp-user-avatar avatar-thumbnailwp-user-avatar wp-user-avatar-thumbnail photo ' width='150'\/>Isabelle M., Bloggerin<\/h3>\n\n\n\n<p class=\"wp-block-paragraph\">Als gelernte Tourismuskauffrau ist die Hamburgerin Isabelle in der gro\u00dfen weiten Welt Zuhaus. Das Motto auf ihren vielen Reisen lautet dabei stets: Unterwegs abseits der Massen! Den ein oder anderen individuellen Geheimtipp teilt sie dabei zusammen mit Ihrer Blogkollegin Angelika online auf <a rel=\"noreferrer noopener\" aria-label=\" (opens in a new tab)\" href=\"https:\/\/urlaub-mal-anders.blog\/\" target=\"_blank\">Urlaub-mal-anders<\/a> .<\/p>\n\n\n\n<p class=\"wp-block-paragraph\"><a href=\"https:\/\/www.olimar.de\/blog\/author\/isabelle-m\/\" target=\"_blank\" rel=\"noreferrer noopener\" aria-label=\"Alle Artikel von Isabelle (opens in a new tab)\">Alle Artikel von Isabelle<\/a><\/p>\n\n\n\n<div style=\"height:5px\" aria-hidden=\"true\" class=\"wp-block-spacer\"><\/div>\n\n\n\n<h3 class=\"wp-block-heading\"><img data-del=\"avatar\" src='https:\/\/blog.olimar.de\/wp-content\/uploads\/2020\/11\/Autor-Michaela_vN-1-150x150.png' class='avatar pp-user-avatar avatar-thumbnailwp-user-avatar wp-user-avatar-thumbnail photo ' width='150'\/>Michaela, freie Redakteurin<\/h3>\n\n\n\n<p>Michaela ist freie Texterin und Redakteurin, die schon seit vielen Jahren f\u00fcr OLIMAR schreibt und dadurch ihre Liebe zu Portugal entdeckt hat. Besonders die Str\u00e4nde an der Westk\u00fcste der Algarve haben es ihr angetan\u2026&nbsp; &nbsp;&nbsp; &nbsp;&nbsp;&nbsp;&nbsp;&nbsp;&nbsp;&nbsp;&nbsp;<\/p>\n\n\n\n<p class=\"wp-block-paragraph\"><a href=\"https:\/\/www.olimar.de\/blog\/author\/michaela\/\">Alle Artikel von Michaela<\/a><\/p>\n\n\n\n<p class=\"wp-block-paragraph\"><\/p>\n\n\n","protected":false},"excerpt":{"rendered":"<p>An diesem Online-Magazin und Blog sind zahlreiche reiseerfahrene Autoren beteiligt. Alle haben unterschiedliche Interessen und Schwerpunkte &#8211; allen gemeinsam ist die Leidenschaft zum Reisen und zum Teilen ihrer Erlebnisse. In den OLIMAR Reisel\u00e4ndern kennen sie sich bestens aus &#8211; ihre pers\u00f6nlichen Tipps und Empfehlungen verraten sie Ihnen in den Beitr\u00e4gen. Wissen Sie selber von einem besonderen Thema, einer Region oder einem Ort, von dem\/der wir einmal berichten sollten? Wir freuen uns auf den Austausch mit Ihnen \u00fcber die Kommentar-Funktion unter den Beitr\u00e4gen oder per E-Mail an: sonnenseiten@olimar.com &nbsp; Pascal Zahn von OLIMAR Reisen Pascal verantwortet bei OLIMAR alles rund um das &hellip;<\/p>\n","protected":false},"author":1,"featured_media":0,"parent":0,"menu_order":0,"comment_status":"closed","ping_status":"open","template":"page-templates\/full-width.php","meta":{"_crdt_document":"","_lmt_disableupdate":"","_lmt_disable":"","footnotes":""},"class_list":["post-53","page","type-page","status-publish","hentry"],"yoast_head":"<!-- This site is optimized with the Yoast SEO plugin v26.9 - https:\/\/yoast.com\/product\/yoast-seo-wordpress\/ -->\n<title>Redaktionsteam der OLIMAR Sonnenseiten<\/title>\n<meta name=\"description\" content=\"Unsere Beitr\u00e4ge werden von den reiseerprobten Autorinnen und Autoren geschrieben. Lernen Sie hier unser buntes Redaktionsteam kennen!\" \/>\n<meta name=\"robots\" content=\"index, follow, max-snippet:-1, max-image-preview:large, max-video-preview:-1\" \/>\n<link rel=\"canonical\" href=\"https:\/\/blog.olimar.de\/redaktionsteam\/\" \/>\n<meta property=\"og:locale\" content=\"de_DE\" \/>\n<meta property=\"og:type\" content=\"article\" \/>\n<meta property=\"og:title\" content=\"Redaktionsteam der OLIMAR Sonnenseiten\" \/>\n<meta property=\"og:description\" content=\"Unsere Beitr\u00e4ge werden von den reiseerprobten Autorinnen und Autoren geschrieben. Lernen Sie hier unser buntes Redaktionsteam kennen!\" \/>\n<meta property=\"og:url\" content=\"https:\/\/blog.olimar.de\/redaktionsteam\/\" \/>\n<meta property=\"article:publisher\" content=\"https:\/\/www.facebook.com\/OlimarReisen\" \/>\n<meta property=\"article:modified_time\" content=\"2023-03-13T11:55:41+00:00\" \/>\n<meta property=\"og:image\" content=\"https:\/\/blog.olimar.de\/wp-content\/uploads\/2015\/02\/Logo_Favicon_512x512-54f0321ev1_site_icon.png\" \/>\n\t<meta property=\"og:image:width\" content=\"512\" \/>\n\t<meta property=\"og:image:height\" content=\"512\" \/>\n\t<meta property=\"og:image:type\" content=\"image\/png\" \/>\n<meta name=\"twitter:label1\" content=\"Gesch\u00e4tzte Lesezeit\" \/>\n\t<meta name=\"twitter:data1\" content=\"6\u00a0Minuten\" \/>\n<script type=\"application\/ld+json\" class=\"yoast-schema-graph\">{\"@context\":\"https:\/\/schema.org\",\"@graph\":[{\"@type\":\"WebPage\",\"@id\":\"https:\/\/blog.olimar.de\/redaktionsteam\/\",\"url\":\"https:\/\/blog.olimar.de\/redaktionsteam\/\",\"name\":\"Redaktionsteam der OLIMAR Sonnenseiten\",\"isPartOf\":{\"@id\":\"https:\/\/blog.olimar.de\/#website\"},\"datePublished\":\"2014-10-25T17:16:25+00:00\",\"dateModified\":\"2023-03-13T11:55:41+00:00\",\"description\":\"Unsere Beitr\u00e4ge werden von den reiseerprobten Autorinnen und Autoren geschrieben. Lernen Sie hier unser buntes Redaktionsteam kennen!\",\"breadcrumb\":{\"@id\":\"https:\/\/blog.olimar.de\/redaktionsteam\/#breadcrumb\"},\"inLanguage\":\"de\",\"potentialAction\":[{\"@type\":\"ReadAction\",\"target\":[\"https:\/\/blog.olimar.de\/redaktionsteam\/\"]}]},{\"@type\":\"BreadcrumbList\",\"@id\":\"https:\/\/blog.olimar.de\/redaktionsteam\/#breadcrumb\",\"itemListElement\":[{\"@type\":\"ListItem\",\"position\":1,\"name\":\"Home\",\"item\":\"https:\/\/blog.olimar.de\/\"},{\"@type\":\"ListItem\",\"position\":2,\"name\":\"Das Sonnenseiten-Redaktionsteam\"}]},{\"@type\":\"WebSite\",\"@id\":\"https:\/\/blog.olimar.de\/#website\",\"url\":\"https:\/\/blog.olimar.de\/\",\"name\":\"OLIMAR.com\",\"description\":\"\",\"publisher\":{\"@id\":\"https:\/\/blog.olimar.de\/#organization\"},\"potentialAction\":[{\"@type\":\"SearchAction\",\"target\":{\"@type\":\"EntryPoint\",\"urlTemplate\":\"https:\/\/blog.olimar.de\/?s={search_term_string}\"},\"query-input\":{\"@type\":\"PropertyValueSpecification\",\"valueRequired\":true,\"valueName\":\"search_term_string\"}}],\"inLanguage\":\"de\"},{\"@type\":\"Organization\",\"@id\":\"https:\/\/blog.olimar.de\/#organization\",\"name\":\"OLIMAR Reisen\",\"url\":\"https:\/\/blog.olimar.de\/\",\"logo\":{\"@type\":\"ImageObject\",\"inLanguage\":\"de\",\"@id\":\"https:\/\/blog.olimar.de\/#\/schema\/logo\/image\/\",\"url\":\"https:\/\/blog.olimar.de\/wp-content\/uploads\/2021\/01\/OLIMAR_Logo_COLOR.png\",\"contentUrl\":\"https:\/\/blog.olimar.de\/wp-content\/uploads\/2021\/01\/OLIMAR_Logo_COLOR.png\",\"width\":2000,\"height\":986,\"caption\":\"OLIMAR Reisen\"},\"image\":{\"@id\":\"https:\/\/blog.olimar.de\/#\/schema\/logo\/image\/\"},\"sameAs\":[\"https:\/\/www.facebook.com\/OlimarReisen\",\"https:\/\/x.com\/olimarrreisen\",\"https:\/\/www.instagram.com\/olimarreisen\",\"https:\/\/www.youtube.com\/user\/olimarreisen\"]}]}<\/script>\n<!-- \/ Yoast SEO plugin. -->","yoast_head_json":{"title":"Redaktionsteam der OLIMAR Sonnenseiten","description":"Unsere Beitr\u00e4ge werden von den reiseerprobten Autorinnen und Autoren geschrieben. Lernen Sie hier unser buntes Redaktionsteam kennen!","robots":{"index":"index","follow":"follow","max-snippet":"max-snippet:-1","max-image-preview":"max-image-preview:large","max-video-preview":"max-video-preview:-1"},"canonical":"https:\/\/blog.olimar.de\/redaktionsteam\/","og_locale":"de_DE","og_type":"article","og_title":"Redaktionsteam der OLIMAR Sonnenseiten","og_description":"Unsere Beitr\u00e4ge werden von den reiseerprobten Autorinnen und Autoren geschrieben. Lernen Sie hier unser buntes Redaktionsteam kennen!","og_url":"https:\/\/blog.olimar.de\/redaktionsteam\/","article_publisher":"https:\/\/www.facebook.com\/OlimarReisen","article_modified_time":"2023-03-13T11:55:41+00:00","og_image":[{"width":512,"height":512,"url":"https:\/\/blog.olimar.de\/wp-content\/uploads\/2015\/02\/Logo_Favicon_512x512-54f0321ev1_site_icon.png","type":"image\/png"}],"twitter_misc":{"Gesch\u00e4tzte Lesezeit":"6\u00a0Minuten"},"schema":{"@context":"https:\/\/schema.org","@graph":[{"@type":"WebPage","@id":"https:\/\/blog.olimar.de\/redaktionsteam\/","url":"https:\/\/blog.olimar.de\/redaktionsteam\/","name":"Redaktionsteam der OLIMAR Sonnenseiten","isPartOf":{"@id":"https:\/\/blog.olimar.de\/#website"},"datePublished":"2014-10-25T17:16:25+00:00","dateModified":"2023-03-13T11:55:41+00:00","description":"Unsere Beitr\u00e4ge werden von den reiseerprobten Autorinnen und Autoren geschrieben. Lernen Sie hier unser buntes Redaktionsteam kennen!","breadcrumb":{"@id":"https:\/\/blog.olimar.de\/redaktionsteam\/#breadcrumb"},"inLanguage":"de","potentialAction":[{"@type":"ReadAction","target":["https:\/\/blog.olimar.de\/redaktionsteam\/"]}]},{"@type":"BreadcrumbList","@id":"https:\/\/blog.olimar.de\/redaktionsteam\/#breadcrumb","itemListElement":[{"@type":"ListItem","position":1,"name":"Home","item":"https:\/\/blog.olimar.de\/"},{"@type":"ListItem","position":2,"name":"Das Sonnenseiten-Redaktionsteam"}]},{"@type":"WebSite","@id":"https:\/\/blog.olimar.de\/#website","url":"https:\/\/blog.olimar.de\/","name":"OLIMAR.com","description":"","publisher":{"@id":"https:\/\/blog.olimar.de\/#organization"},"potentialAction":[{"@type":"SearchAction","target":{"@type":"EntryPoint","urlTemplate":"https:\/\/blog.olimar.de\/?s={search_term_string}"},"query-input":{"@type":"PropertyValueSpecification","valueRequired":true,"valueName":"search_term_string"}}],"inLanguage":"de"},{"@type":"Organization","@id":"https:\/\/blog.olimar.de\/#organization","name":"OLIMAR Reisen","url":"https:\/\/blog.olimar.de\/","logo":{"@type":"ImageObject","inLanguage":"de","@id":"https:\/\/blog.olimar.de\/#\/schema\/logo\/image\/","url":"https:\/\/blog.olimar.de\/wp-content\/uploads\/2021\/01\/OLIMAR_Logo_COLOR.png","contentUrl":"https:\/\/blog.olimar.de\/wp-content\/uploads\/2021\/01\/OLIMAR_Logo_COLOR.png","width":2000,"height":986,"caption":"OLIMAR Reisen"},"image":{"@id":"https:\/\/blog.olimar.de\/#\/schema\/logo\/image\/"},"sameAs":["https:\/\/www.facebook.com\/OlimarReisen","https:\/\/x.com\/olimarrreisen","https:\/\/www.instagram.com\/olimarreisen","https:\/\/www.youtube.com\/user\/olimarreisen"]}]}},"_links":{"self":[{"href":"https:\/\/blog.olimar.de\/wp-json\/wp\/v2\/pages\/53","targetHints":{"allow":["GET"]}}],"collection":[{"href":"https:\/\/blog.olimar.de\/wp-json\/wp\/v2\/pages"}],"about":[{"href":"https:\/\/blog.olimar.de\/wp-json\/wp\/v2\/types\/page"}],"author":[{"embeddable":true,"href":"https:\/\/blog.olimar.de\/wp-json\/wp\/v2\/users\/1"}],"replies":[{"embeddable":true,"href":"https:\/\/blog.olimar.de\/wp-json\/wp\/v2\/comments?post=53"}],"version-history":[{"count":329,"href":"https:\/\/blog.olimar.de\/wp-json\/wp\/v2\/pages\/53\/revisions"}],"predecessor-version":[{"id":24911,"href":"https:\/\/blog.olimar.de\/wp-json\/wp\/v2\/pages\/53\/revisions\/24911"}],"wp:attachment":[{"href":"https:\/\/blog.olimar.de\/wp-json\/wp\/v2\/media?parent=53"}],"curies":[{"name":"wp","href":"https:\/\/api.w.org\/{rel}","templated":true}]}}